{"id":1478,"date":"2022-02-03T16:22:23","date_gmt":"2022-02-03T15:22:23","guid":{"rendered":"https:\/\/mazury.travel\/rowery\/?post_type=szlaki&#038;p=1478"},"modified":"2024-12-12T09:09:24","modified_gmt":"2024-12-12T08:09:24","slug":"do-czestochowy-polnocy","status":"publish","type":"szlaki","link":"https:\/\/mazury.travel\/rowery\/szlaki\/do-czestochowy-polnocy\/","title":{"rendered":"Do Cz\u0119stochowy P\u00f3\u0142nocy"},"content":{"rendered":"\n<p>\u015alad trasy w pliku GPX<\/p>\n\n\n\n<div class=\"wp-block-file\"><a href=\"https:\/\/mazury.travel\/rowery\/wp-content\/uploads\/2022\/02\/TRASA-5-Do-Czestochowy-Polnocy.gpx\" class=\"wp-block-file__button wp-element-button\" download>Pobierz<\/a><\/div>\n\n\n\n<h3 class=\"wp-block-heading\" id=\"korsze-0-0-km-reszel-14-0-km-swieta-lipka-20-4-km\">Korsze (0,0 km) \u2022 Reszel (14,0 km) \u2022 \u015awi\u0119ta Lipka (20,4 km)<\/h3>\n\n\n\n<p>Trasa atrakcyjna zw\u0142aszcza dla os\u00f3b zainteresowanych histori\u0105 regionu i turystyk\u0105 religijn\u0105. Jej g\u0142\u00f3wne atrakcje to zabytki Reszla i \u015awi\u0119tej Lipki, w\u015br\u00f3d nich znane sanktuarium maryjne, zwane Cz\u0119stochow\u0105 P\u00f3\u0142nocy.<\/p>\n\n\n\n<p>Wycieczk\u0119 rozpoczynamy w centrum Korsz, na ulicy Mickiewicza. Niedaleko znajduje si\u0119 ko\u015bci\u00f3\u0142 rzymskokatolicki pw. Podwy\u017cszenia Krzy\u017ca \u015awi\u0119tego. Pocz\u0105tkowo kierujemy si\u0119 drog\u0105 wojew\u00f3dzk\u0105 nr 590 na po\u0142udnie, mijaj\u0105c po lewej stronie cerkiew pw. \u015bw. \u015bw. Aposto\u0142\u00f3w Piotra i Paw\u0142a. Przecinamy drog\u0119 wojew\u00f3dzk\u0105 nr 592 i jedziemy dalej zgodnie z drogowskazem w kierunku Reszla. Po drodze przeje\u017cd\u017camy przez niewielkie Wandajny i docieramy do Gudnik. Warto zatrzyma\u0107 si\u0119 w tej miejscowo\u015bci, aby obejrze\u0107 jej zabytki. Kolejny odcinek trasy prowadzi z Gudnik do Reszla. To niewielkie, ale bardzo wa\u017cne dla historii Warmii miasto. Za Reszlem nadal kierujemy si\u0119 drog\u0105 wojew\u00f3dzk\u0105 nr 590 na po\u0142udnie. Wyje\u017cd\u017caj\u0105c z miasta, mo\u017cemy skorzysta\u0107 z kilkusetmetrowej drogi rowerowej. Zmierzamy w kierunku \u015awi\u0119tej Lipki znan\u0105 tras\u0105 pielgrzymkow\u0105, przy kt\u00f3rej stoj\u0105 kapliczki. Bli\u017cej tej miejscowo\u015bci przekraczamy oznaczon\u0105 br\u0105zow\u0105 tablic\u0105 turystyczn\u0105 granic\u0119 pomi\u0119dzy Warmi\u0105 a Mazurami. Aby dotrze\u0107 do sanktuarium maryjnego, mo\u017cna jecha\u0107 drog\u0105 asfaltow\u0105 \u2013 to propozycja dla rowerzyst\u00f3w szosowych, albo wcze\u015bniej, na rozwidleniu, drog\u0105 szutrow\u0105 przy ostatniej kapliczce wjecha\u0107 do lasu. Na tym odcinku mija si\u0119 star\u0105 kolumn\u0119 maryjn\u0105 zwie\u0144czon\u0105 figur\u0105 Matki Bo\u017cej. Jest to zabytkowy s\u0142up graniczny z 1750 r., kt\u00f3ry rozdziela\u0142 niegdy\u015b Prusy Ksi\u0105\u017c\u0119ce od Prus Kr\u00f3lewskich, a obecnie wyznacza granic\u0119 mi\u0119dzy Mazurami a Warmi\u0105. W dolinie wida\u0107 barokow\u0105 fasad\u0119 sanktuarium.<\/p>\n\n\n\n<p>Mo\u017cna wyd\u0142u\u017cy\u0107 tras\u0119 o 4 km, jad\u0105c ze \u015awi\u0119tej Lipki dalej na wsch\u00f3d, do Bez\u0142awek. W miejscowo\u015bci znajduje si\u0119 zabytkowy ko\u015bci\u00f3\u0142 z XVI w., z kt\u00f3rym wi\u0105\u017ce si\u0119 legenda o \u015awi\u0119tym Graalu.<\/p>\n\n\n\n<p>Trasa jest kr\u00f3tka i w ca\u0142o\u015bci asfaltowa. Teren te\u017c nie jest trudny, dominuj\u0105 niewielkie, \u0142agodne pag\u00f3rki.<\/p>\n\n\n\n<p>Przez Korsze przeje\u017cd\u017caj\u0105 poci\u0105gi regionalne kursuj\u0105ce na trasie Olsztyn \u2013 E\u0142k. Jest te\u017c kilka po\u0142\u0105cze\u0144 dalekobie\u017cnych.<\/p>\n\n\n\n<h3 class=\"wp-block-heading\" id=\"korsze\">Korsze<\/h3>\n\n\n\n<p>Miejscowo\u015b\u0107 zosta\u0142a za\u0142o\u017cona w XV w. Jej nazwa pochodzi prawdopodobnie od pierwotnej nazwy osady w j\u0119zyku pruskim, czyli Cohorsen, p\u00f3\u017aniej Karsens albo Kors, co w pokrewnym j\u0119zyku litewskim znaczy \u201eorzech laskowy\u201d (\u201ekar\u0161is\u201d, \u201ekar\u0161e\u201d). Do pocz\u0105tku XIX w. Korsze stanowi\u0142y maj\u0105tek ziemski. Czynnikiem decyduj\u0105cym o rozwoju wsi by\u0142a rozbudowa sieci kolejowej w Prusach Wschodnich w 2. po\u0142. XIX w. Szczeg\u00f3lne po\u0142o\u017cenie Korsz \u2013 niemal dok\u0142adnie w centralnym punkcie Prus Wschodnich \u2013 przes\u0105dzi\u0142o o wyborze tej miejscowo\u015bci jako w\u0119z\u0142a kolejowego na przeci\u0119ciu dw\u00f3ch najstarszych w Prusach Wschodnich linii kolejowych (Kr\u00f3lewiec \u2013 E\u0142k i Toru\u0144 \u2013 Wystru\u0107). Rok 1945 przyni\u00f3s\u0142 powa\u017cne zniszczenia (40%), poniewa\u017c Korsze by\u0142y bronione przez cofaj\u0105ce si\u0119 niemieckie oddzia\u0142y pancerne. Prawa miejskie miejscowo\u015b\u0107 uzyska\u0142a w 1962 r.<br>W mie\u015bcie s\u0105 trzy zabytkowe wie\u017ce ci\u015bnie\u0144 z XIX\/XX w. Najstarsza z nich powsta\u0142a w 1890 r. Jedna ma stalowy, kulisty zbiornik typu Kl\u00f6nne. W Polsce s\u0105 jedynie trzy wie\u017ce z tego typu zbiornikiem (pozosta\u0142e dwie w D\u0105br\u00f3wnie i Runowie Pomorskim). W 1903 r. oddano do u\u017cytku neogotycki ko\u015bci\u00f3\u0142 pw. Podwy\u017cszenia Krzy\u017ca \u015awi\u0119tego, a w kolejnym roku \u2013 ko\u015bci\u00f3\u0142 ewangelicki (obecnie cerkiew prawos\u0142awna).<\/p>\n\n\n\n<h3 class=\"wp-block-heading\" id=\"gudniki\">Gudniki<\/h3>\n\n\n\n<p>Niewielka wie\u015b, kt\u00f3ra mo\u017ce si\u0119 poszczyci\u0107 ciekawymi zabytkami. Lokowano j\u0105 w 1340 r. Znajduje si\u0119 tu ko\u015bci\u00f3\u0142 pw. \u015bw. Andrzeja Boboli z XIV w., murowany z ceg\u0142y i kamienia polnego, z drewnian\u0105 krucht\u0105 z XVIII stulecia. Wyposa\u017cenie wn\u0119trza pochodzi z XVII i XVIII w. Na uwag\u0119 zas\u0142uguje p\u0142yta nagrobna szwedzkiego lekarza Johana Bernarda Varnbagena z 1647 r., wykonana z czerwonego marmuru. Przy ko\u015bciele stoi obelisk upami\u0119tniaj\u0105cy mieszka\u0144c\u00f3w wsi poleg\u0142ych w czasie I wojny \u015bwiatowej. Dalej przy drodze wiod\u0105cej w stron\u0119 Reszla mo\u017cna zobaczy\u0107 ruiny kaplicy grobowej przedstawicieli rodu von der Groeben.<\/p>\n\n\n\n<h3 class=\"wp-block-heading\" id=\"reszel\">Reszel<\/h3>\n\n\n\n<p class=\"has-text-align-left\">Dawny gr\u00f3d pruskiego plemienia Bart\u00f3w, kt\u00f3ry nosi\u0142 staroprusk\u0105 nazw\u0119 Resel, a w 1241 r. zosta\u0142 zdobyty przez Krzy\u017cak\u00f3w. Miasto lokowano w 1337 r. i od pocz\u0105tku budowane by\u0142o wed\u0142ug wcze\u015bniej ustalonego planu. Do dzi\u015b zachowa\u0142 si\u0119 \u015bredniowieczny uk\u0142ad urbanistyczny z wi\u0119kszo\u015bci\u0105 mur\u00f3w obronnych i niekt\u00f3rymi basztami.<br>W 1631 r. wyp\u0119dzeni z Braniewa jezuici przej\u0119li zabudowania klasztorne pozosta\u0142e po zakonie augustian\u00f3w i utworzyli w Reszlu kolegium. W XIX w. planowano tu nawet utworzenie uniwersytetu. Reszel by\u0142 znany jako miasto artyst\u00f3w, zatrudnianych cz\u0119sto przy pracach w \u015awi\u0119tej Lipce. Podczas II wojny \u015bwiatowej miasto nie dozna\u0142o wi\u0119kszych zniszcze\u0144.<br>Reszel jest cz\u0142onkiem za\u0142o\u017cycielem polskiej sieci miast Cittaslow. Najbardziej rozpoznawalnym zabytkiem Reszla jest gotycki zamek (ul. Podzamcze 3, 11-440 Reszel, tel. 89 755 01 09, www.zamek-reszel.com), wzniesiony w latach 1350\u20131401. To masywna budowla ze strzelist\u0105 neogotyck\u0105 wie\u017cyczk\u0105, okr\u0105g\u0142\u0105 baszt\u0105 i bram\u0105 prowadz\u0105c\u0105 na dziedziniec. By\u0142 jedn\u0105 z rezydencji biskup\u00f3w warmi\u0144skich, w tym ostatniego z nich \u2013 Ignacego Krasickiego. Obecnie w zamku dost\u0119pne s\u0105 komnaty go\u015bcinne, dzia\u0142a te\u017c galeria, kt\u00f3ra organizuje wystawy sztuki wsp\u00f3\u0142czesnej. Mo\u017cna wej\u015b\u0107 na wie\u017c\u0119 oraz zwiedzi\u0107 znajduj\u0105ce si\u0119 w podziemiach muzeum z wystaw\u0105 narz\u0119dzi tortur. W\u015br\u00f3d 50 oryginalnych eksponat\u00f3w zobaczymy m.in. fotel czarownicy, \u017celazn\u0105 dziewic\u0119, ko\u0142ysk\u0119 Judasza oraz tortur\u0119 wody. W Sali Rycerskiej przedstawiono histori\u0119 rycerstwa europejskiego, a w Komnacie Rycerskiej mo\u017cna podziwia\u0107 zbroje (m.in. t\u0119 imituj\u0105c\u0105 zbroj\u0119 mitycznego kr\u00f3la Artura), bro\u0144 bia\u0142\u0105 (w tym miecz imituj\u0105cy legendarny miecz Excalibur) oraz bro\u0144 paln\u0105. Kolejnym \u015bredniowiecznym zabytkiem Reszla jest ko\u015bci\u00f3\u0142 pw. \u015bw. \u015bw. Piotra i Paw\u0142a. Jego budow\u0119 rozpocz\u0119to w po\u0142owie XIV w. Jest to tr\u00f3jnawowa \u015bwi\u0105tynia z prezbiterium oraz okaza\u0142\u0105 wie\u017c\u0105. Po po\u017carze z 1806 r. zosta\u0142a odbudowana i od nowa wyposa\u017cona w latach 1822\u20131843. W o\u0142tarzu g\u0142\u00f3wnym znajduje si\u0119 obraz przedstawiaj\u0105cy patron\u00f3w ko\u015bcio\u0142a, autorstwa Antoniego Jana Blanka (1785\u20131844), pochodz\u0105cego z Warmii profesora sztuk pi\u0119knych na Uniwersytecie Warszawskim. Mierz\u0105ca 51,2 m wie\u017ca ko\u015bcielna jest dost\u0119pna dla zwiedzaj\u0105cych. Wewn\u0105trz niej mo\u017cna zobaczy\u0107 mechanizm zegara z 1913 r. oraz dzwony ko\u015bcielne, a z jej szczytu obejrze\u0107 panoram\u0119 miasta i okolic. Po\u015brodku rynku stoi zabytkowy ratusz w stylu klasycystycznym, zbudowany w latach 1815\u20131820. Portyk wej\u015bciowy jest ozdobiony dwoma kolumienkami, a na dachu znajduje si\u0119 wie\u017cyczka zegarowa z he\u0142mem i iglic\u0105.<\/p>\n\n\n\n<h3 class=\"wp-block-heading\" id=\"ostatnia-europejska-czarownica\">Ostatnia europejska czarownica<\/h3>\n\n\n\n<p>W Reszlu spalono na stosie ostatni\u0105 w Europie kobiet\u0119 oskar\u017con\u0105 o czary. Wydarzy\u0142o si\u0119 to w 1811 r. Ofiar\u0105 by\u0142a Barbara Zdunk. Zarzucono jej nie tylko czary, ale przede wszystkim podpalenie. W 1807 r. cz\u0119\u015b\u0107 miasta sp\u0142on\u0119\u0142a, a przyczyny po\u017caru by\u0142y niejasne. Proces trwa\u0142 trzy lata. Sprawa winy budzi\u0142a kontrowersje, jednak s\u0105d w Kr\u00f3lewcu zatwierdzi\u0142 wyrok. Przed spaleniem skazan\u0105 uduszono.<\/p>\n\n\n\n<h3 class=\"wp-block-heading\" id=\"sanktuarium-maryjne-w-swietej-lipce\">Sanktuarium maryjne w \u015awi\u0119tej Lipce<\/h3>\n\n\n\n<p>Sanktuarium Matki Bo\u017cej (\u015awi\u0119ta Lipka 29, 11-440 Reszel, tel. 89 755 14 81, www.swlipka.pl) ju\u017c od \u015bredniowiecza przyci\u0105ga\u0142o pielgrzym\u00f3w nie tylko z regionu, ale te\u017c z dalekich stron Polski. Nazywane jest Cz\u0119stochow\u0105 P\u00f3\u0142nocy. W sk\u0142ad zespo\u0142u budowli, uwa\u017canego za per\u0142\u0119 baroku, wchodz\u0105: bazylika, kru\u017cganki i dom zakonny ojc\u00f3w jezuit\u00f3w. Na ko\u015bcielny dziedziniec wchodzi si\u0119 przez barokow\u0105 bram\u0119 triumfaln\u0105 z 1. po\u0142. XVIII w. Bogate i r\u00f3\u017cnorodne wyposa\u017cenie \u015bwi\u0105tyni \u2013 rze\u017aby w kamieniu i drewnie, malarstwo \u015bcienne i obrazy na p\u0142\u00f3tnie, wyroby z\u0142otnicze i snycerskie oraz dzie\u0142a artystycznego kowalstwa i \u015blusarstwa \u2013 zachowa\u0142o si\u0119 w stanie prawie niezmienionym. Warto zwr\u00f3ci\u0107 uwag\u0119 na barokowe organy z ruchomymi figurkami, wykonane w 1721 r. Kr\u00f3tkie koncerty oraz robi\u0105ce du\u017ce wra\u017cenie pokazy ruchomych element\u00f3w ozdabiaj\u0105cych instrument odbywaj\u0105 si\u0119 latem co godzin\u0119. W o\u0142tarzu g\u0142\u00f3wnym znajduje si\u0119 obraz Matki Boskiej \u015awi\u0119tolipskiej. Warto tak\u017ce zwiedzi\u0107 muzeum prezentuj\u0105ce eksponaty zwi\u0105zane z sanktuarium, usytuowane nieopodal domu pielgrzyma.<\/p>\n\n\n\n<h3 class=\"wp-block-heading\" id=\"kosciol-w-bezlawkach\">Ko\u015bci\u00f3\u0142 w Bez\u0142awkach<\/h3>\n\n\n\n<p>Ko\u015bci\u00f3\u0142 z 1513 r., utworzony w domu g\u0142\u00f3wnym wcze\u015bniejszego zamku, kt\u00f3ry by\u0142 pierwszy raz wzmiankowany w 1402 r. Wewn\u0105trz \u015bwi\u0105tyni godna zobaczenia jest drewniana konstrukcja wie\u017cy dobudowanej ok. 1728 r. Z ko\u015bcio\u0142em zwi\u0105zana jest legenda o \u015awi\u0119tym Graalu. Wed\u0142ug niej kielich, w kt\u00f3rym zebrano krew Chrystusa, trafi\u0142 do Anglii. Stamt\u0105d po bitwie pod Hastings (1066), rozegranej podczas inwazji Norman\u00f3w na Angli\u0119, dzieci pokonanego kr\u00f3la Harolda II, zabieraj\u0105c ze sob\u0105 Graala, uda\u0142y si\u0119 przez Litw\u0119 i Kij\u00f3w do Bizancjum. Dw\u00f3ch syn\u00f3w kr\u00f3la pozosta\u0142o na Litwie. \u015awidrygie\u0142\u0142o, czyli m\u0142odszy brat Jagie\u0142\u0142y (pochodz\u0105cego wed\u0142ug poda\u0144 od starszego syna Harolda), mia\u0142 przywie\u017a\u0107 kielich do Bez\u0142awek. W czasie wojny polsko-krzy\u017cackiej latem 1520 r., gdy oddzia\u0142y tatarskie podesz\u0142y pod wie\u015b, kielich zosta\u0142 rzekomo zamurowany w \u015bcianie ko\u015bcio\u0142a, a potem zagin\u0105\u0142 w niewyja\u015bnionych okoliczno\u015bciach. Za dow\u00f3d jego ukrycia uwa\u017cany jest otw\u00f3r wybity w \u015bcianie, wysoko, w miejscu zamurowanego okna.<\/p>\n","protected":false},"excerpt":{"rendered":"<p>\u015alad trasy w pliku GPX Korsze (0,0 km) \u2022 Reszel (14,0 km) \u2022 \u015awi\u0119ta Lipka (20,4 km) Trasa atrakcyjna zw\u0142aszcza dla os\u00f3b zainteresowanych histori\u0105 regionu i turystyk\u0105 religijn\u0105. Jej g\u0142\u00f3wne atrakcje to zabytki Reszla i \u015awi\u0119tej Lipki, w\u015br\u00f3d nich znane sanktuarium maryjne, zwane Cz\u0119stochow\u0105 P\u00f3\u0142nocy. Wycieczk\u0119 rozpoczynamy w centrum Korsz, na ulicy Mickiewicza. Niedaleko znajduje [&hellip;]<\/p>\n","protected":false},"author":3,"featured_media":206,"menu_order":0,"template":"","meta":{"inline_featured_image":false,"footnotes":""},"kategorie_obszar":[27],"class_list":["post-1478","szlaki","type-szlaki","status-publish","has-post-thumbnail","hentry","kategorie_obszar-warmia-i-okolice"],"_links":{"self":[{"href":"https:\/\/mazury.travel\/rowery\/wp-json\/wp\/v2\/szlaki\/1478","targetHints":{"allow":["GET"]}}],"collection":[{"href":"https:\/\/mazury.travel\/rowery\/wp-json\/wp\/v2\/szlaki"}],"about":[{"href":"https:\/\/mazury.travel\/rowery\/wp-json\/wp\/v2\/types\/szlaki"}],"author":[{"embeddable":true,"href":"https:\/\/mazury.travel\/rowery\/wp-json\/wp\/v2\/users\/3"}],"version-history":[{"count":54,"href":"https:\/\/mazury.travel\/rowery\/wp-json\/wp\/v2\/szlaki\/1478\/revisions"}],"predecessor-version":[{"id":5296,"href":"https:\/\/mazury.travel\/rowery\/wp-json\/wp\/v2\/szlaki\/1478\/revisions\/5296"}],"wp:featuredmedia":[{"embeddable":true,"href":"https:\/\/mazury.travel\/rowery\/wp-json\/wp\/v2\/media\/206"}],"wp:attachment":[{"href":"https:\/\/mazury.travel\/rowery\/wp-json\/wp\/v2\/media?parent=1478"}],"wp:term":[{"taxonomy":"kategorie_obszar","embeddable":true,"href":"https:\/\/mazury.travel\/rowery\/wp-json\/wp\/v2\/kategorie_obszar?post=1478"}],"curies":[{"name":"wp","href":"https:\/\/api.w.org\/{rel}","templated":true}]}}