{"id":2084,"date":"2022-02-08T14:46:01","date_gmt":"2022-02-08T13:46:01","guid":{"rendered":"https:\/\/mazury.travel\/rowery\/?post_type=szlaki&#038;p=2084"},"modified":"2025-05-14T14:14:43","modified_gmt":"2025-05-14T12:14:43","slug":"szlak-kanalu-elblaskiego-2","status":"publish","type":"szlaki","link":"https:\/\/mazury.travel\/rowery\/szlaki\/szlak-kanalu-elblaskiego-2\/","title":{"rendered":"Szlak Kana\u0142u Elbl\u0105skiego"},"content":{"rendered":"\n<p>\u015alad trasy w pliku GPX<\/p>\n\n\n\n<div class=\"wp-block-file\"><a href=\"https:\/\/mazury.travel\/rowery\/wp-content\/uploads\/2022\/01\/TRASA-18-Szlak-Kanalu-Elblaskiego.gpx\" class=\"wp-block-file__button wp-element-button\" download>Pobierz<\/a><\/div>\n\n\n\n<h3 class=\"wp-block-heading\" id=\"elblag-0-0-km-gronowo-gorne-1-3-km-nowina-3-5-km-janow-5-8-km-komorowo-zulawskie-7-3-km-wezina-11-3-km-karczowizna-19-1-km-jelonki-21-9-km-pochylnia-jelenie-23-1-km-pochylnia-olesnica-25-4-km-pochylnia-katy-28-2-km-katy-29-2-km-pochylnia-buczyniec-31-2-km-drulity-33-6-km-dargowo-35-9-km-marzewo-37-6-km-karczemka-39-8-km-maldyty-45-8-km-wilamowo-49-5-km-gledy-53-1-km-kanal-bartnicki-57-7-km-liksajny-61-7-km-milomlyn-69-1-km-ostroda-81-4-km\">Elbl\u0105g (0,0 km) \u2022 Gronowo G\u00f3rne (1,3 km) \u2022 Nowina (3,5 km) \u2022 Jan\u00f3w (5,8 km) \u2022 Komorowo \u017bu\u0142awskie (7,3 km) \u2022 W\u0119zina (11,3 km) \u2022 Karczowizna (19,1 km) \u2022 Jelonki (21,9 km) \u2022 pochylnia Jelenie (23,1 km) \u2022 pochylnia Ole\u015bnica (25,4 km) \u2022 pochylnia K\u0105ty (28,2 km) \u2022 K\u0105ty (29,2 km) \u2022 pochylnia Buczyniec (31,2 km) \u2022 Drulity (33,6 km) \u2022 Dargowo (35,9 km) \u2022 Marzewo (37,6 km) \u2022 Karczemka (39,8 km) \u2022 Ma\u0142dyty (45,8 km) \u2022 Wilamowo (49,5 km) \u2022 Gl\u0119dy (53,1 km) \u2022 Kana\u0142 Bartnicki (57,7 km) \u2022 Liksajny (61,7 km) \u2022 Mi\u0142om\u0142yn (69,1 km) \u2022 Ostr\u00f3da (81,4 km)<\/h3>\n\n\n\n<p>Rowerowy Szlak Kana\u0142u Elbl\u0105skiego, \u0142\u0105cz\u0105cy Elbl\u0105g (a tym samym szlak Green Velo) z Ostr\u00f3d\u0105, prowadzi mo\u017cliwie najbli\u017cej drogi wodnej Kana\u0142u Elbl\u0105skiego. Ukszta\u0142towanie terenu na trasie wycieczki jest urozmaicone, od r\u00f3wninnych teren\u00f3w \u017bu\u0142aw, przez strome wzniesienia w okolicach pochylni na kanale, po \u0142agodnie pofa\u0142dowany krajobraz morenowy. Najbardziej charakterystyczn\u0105 atrakcj\u0105 trasy s\u0105 niew\u0105tpliwie pochylnie na Kanale Elbl\u0105skim, jedyne tego typu urz\u0105dzenia hydrotechniczne w Polsce. Sam Kana\u0142 Elbl\u0105ski \u2013 zabytek techniki \u2013 zosta\u0142 uznany za jeden z siedmiu cud\u00f3w Polski.<\/p>\n\n\n\n<p>Szlak rozpoczyna si\u0119 w Elbl\u0105gu, przy rondzie Bitwy pod Grunwaldem. Pierwszy odcinek prowadzi przez Nowin\u0119 i Jan\u00f3w do Komorowa \u017bu\u0142awskiego. W tej miejscowo\u015bci skr\u0119camy w prawo, na wiadukt nad drog\u0105 S7 i lini\u0105 kolejow\u0105. Jedziemy dalej prosto przez W\u0119zin\u0119 i D\u0142u\u017cyn\u0119 w kierunku Klepy. Przed mostem na Kanale Elbl\u0105skim skr\u0119camy w prawo, a nast\u0119pnie w lewo. Od tego miejsca jedziemy wzd\u0142u\u017c kana\u0142u drog\u0105 z p\u0142yt betonowych do Karczowizny. Tutaj zaczyna si\u0119 droga asfaltowa, kt\u00f3ra prowadzi do kolejnego mostu. Przeje\u017cd\u017camy nim na drugi brzeg kana\u0142u i udajemy si\u0119 dalej drog\u0105 gruntow\u0105 do Jelonek. W Jelonkach wje\u017cd\u017camy na asfaltow\u0105 \u015bcie\u017ck\u0119 rowerow\u0105. Na tym etapie wycieczki mijamy trzy z pi\u0119ciu pochylni Kana\u0142u Elbl\u0105skiego (Jelenie, Ole\u015bnic\u0119 i K\u0105ty). Za K\u0105tami szlak oddala si\u0119 od Kana\u0142u Elbl\u0105skiego i prowadzi drog\u0105 wojew\u00f3dzk\u0105 nr 526 w kierunku Lepna. Aby dosta\u0107 si\u0119 do pochylni Buczyniec, nale\u017cy zjecha\u0107 z trasy w prawo.<\/p>\n\n\n\n<p>Kolejny odcinek trasy prowadzi szos\u0105 asfaltow\u0105 do Marzewa. Po drodze, przeje\u017cd\u017caj\u0105c przez skrzy\u017cowanie, widzimy wisz\u0105cy poni\u017cej most Moniera \u2013 zabytkowy (1894) obiekt z \u017celbetu, kt\u00f3ry jest najstarsz\u0105 tego typu konstrukcj\u0105 w p\u00f3\u0142nocnej Polsce, a dalej, w Drulitach, klasycystyczny zesp\u00f3\u0142 pa\u0142acowy i folwarczny z po\u0142owy XIX w., obecnie obiekt noclegowy. Z Marzewa star\u0105 drog\u0105 nr 7, biegn\u0105c\u0105 wzd\u0142u\u017c drogi ekspresowej S7, jedziemy do wsi Karczemka. Tu ponownie przeje\u017cd\u017camy nad Kana\u0142em Elbl\u0105skim i od razu skr\u0119camy w lewo, pod ogromny most w ci\u0105gu drogi S7. Nieco dalej odbijamy w prawo i jedziemy w stron\u0119 Ma\u0142dyt kilkukilometrowym odcinkiem drogi technicznej biegn\u0105cej wzd\u0142u\u017c trasy S7.<\/p>\n\n\n\n<p>W Ma\u0142dytach, obok Zajazdu pod K\u0142obukiem skr\u0119camy do centrum miejscowo\u015bci, jedziemy ulic\u0105 Zamkow\u0105 i skr\u0119camy w prawo w ulic\u0119 Le\u015bn\u0105, kt\u00f3ra prowadzi dalej do Wilamowa. Na skrzy\u017cowaniu w Wilamowie warto zboczy\u0107 kilkana\u015bcie metr\u00f3w ze szlaku, aby obejrze\u0107 ko\u015bci\u00f3\u0142 pw. Matki Boskiej Cz\u0119stochowskiej. Je\u015bli chcemy odpocz\u0105\u0107, mo\u017cemy pojecha\u0107 dalej prosto, do pla\u017cy nad jeziorem Ruda Woda. Z Wilamowa wygodna szutr\u00f3wka prowadzi nas dalej, na po\u0142udnie, do miejscowo\u015bci Gl\u0119dy, a nast\u0119pnie w kierunku Liksajn, gdzie ponownie przeje\u017cd\u017camy na drug\u0105 stron\u0119 Kana\u0142u Elbl\u0105skiego. Przy mo\u015bcie, nad kana\u0142em ro\u015bnie majestatyczny d\u0105b, obok niego stoi oryginalny pomnik oberlandzkich flisak\u00f3w. Po dotarciu do drogi asfaltowej w Majdanach Ma\u0142ych kierujemy si\u0119<br>w prawo, do Mi\u0142om\u0142yna. Z Mi\u0142om\u0142yna wyje\u017cd\u017camy star\u0105 drog\u0105 krajow\u0105 nr 7 i skr\u0119camy zgodnie z oznakowaniem na Samborowo. Oko\u0142o kilometra dalej dostrzegamy przycz\u00f3\u0142ki zniszczonego wiaduktu kolejowego, za kt\u00f3rymi skr\u0119camy z asfaltu w lewo, pod g\u00f3r\u0119, na nasyp kolejowy. Ostatni odcinek trasy prowadzi dawnym torowiskiem do Ostr\u00f3dy, a nast\u0119pnie \u015bcie\u017ck\u0105 pieszo-rowerow\u0105 wzd\u0142u\u017c Jeziora Drw\u0119ckiego do przystani pasa\u017cerskiej \u017beglugi Ostr\u00f3dzko-Elbl\u0105skiej.<\/p>\n\n\n\n<p>Szlak prowadzi przez tereny o zr\u00f3\u017cnicowanej rze\u017abie. Na pocz\u0105tkowym etapie jest p\u0142asko, w okolicach pochylni na Kanale Elbl\u0105skim pojawiaj\u0105 si\u0119 natomiast ostre zjazdy i podjazdy. Za Buczy\u0144cem ci\u0105gn\u0105 si\u0119 \u0142agodniejsze wzg\u00f3rza moreny czo\u0142owej. Tras\u0119 mo\u017cna pokona\u0107 zar\u00f3wno rowerem szosowym, jak i turystycznym, crossowym lub g\u00f3rskim. Dobrymi miejscami do odpoczynku s\u0105 m.in. wiata przy pochylni K\u0105ty i pla\u017ca w Wilamowie.<\/p>\n\n\n\n<p>Kolej\u0105 mo\u017cna dojecha\u0107 zar\u00f3wno do pocz\u0105tku trasy w Elbl\u0105gu, jak i do punktu ko\u0144cowego w Ostr\u00f3dzie. Po drodze jest tak\u017ce stacja kolejowa w Komorowie \u017bu\u0142awskim.<\/p>\n\n\n\n<p>Jak dzia\u0142a pochylnia?<br>Urz\u0105dzenia pochylni, s\u0142u\u017c\u0105ce do przeci\u0105gania w\u00f3zk\u00f3w ze statkami po torach, nap\u0119dzane s\u0105 si\u0142\u0105 spadku wody. Odcinki kana\u0142u pomi\u0119dzy pochylniami po\u0142\u0105czono przekopami. Woda sp\u0142ywa nimi z wy\u017cej po\u0142o\u017conego odcinka (po\u0142udniowego) do ni\u017cej po\u0142o\u017conego (p\u00f3\u0142nocnego), nap\u0119dzaj\u0105c mechanizm. Przeje\u017cd\u017caj\u0105c obok pochylni, warto przyjrze\u0107 si\u0119 dzia\u0142aniu tych niezwyk\u0142ych zabytk\u00f3w hydrotechniki. Przy pochylni Buczyniec mo\u017cna zwiedzi\u0107 g\u00f3rne stanowisko pochylni oraz Izb\u0119 Historii Kana\u0142u Elbl\u0105skiego Buczyniec 1a, 14-140 Pas\u0142\u0119k, www.ihke.pl . Izba jest czynna od 1 V do 30 IX, od wtorku do niedzieli, w godz. 10.00\u201317.00.<\/p>\n\n\n\n<h3 class=\"wp-block-heading\" id=\"kanal-elblaski\">Kana\u0142 Elbl\u0105ski<\/h3>\n\n\n\n<p>Kana\u0142 Elbl\u0105ski to unikalny w skali \u015bwiatowej szlak wodny i jedna z najpi\u0119kniejszych dr\u00f3g wodnych w Europie. Wybudowany w latach 1844\u20131860, funkcjonuje do dzi\u015b w niezmienionej formie.<\/p>\n\n\n\n<h3 class=\"wp-block-heading\" id=\"janow\">Jan\u00f3w<\/h3>\n\n\n\n<p>W Janowie znajduje si\u0119 zesp\u00f3\u0142 pa\u0142acowo-parkowy z 1886 r., wybudowany w miejscu dawnego dworu z XIV w. Naprzeciwko niego, po prawej stronie stoi tabliczka informuj\u0105ca o istniej\u0105cej w tym miejscu, nad brzegami jeziora, wczesno\u015bredniowiecznej osadzie Truso, opisanej przez anglosaskiego podr\u00f3\u017cnika Wulfstana w IX w. By\u0142a to osada handlowa za\u0142o\u017cona przez wiking\u00f3w.<\/p>\n\n\n\n<h3 class=\"wp-block-heading\" id=\"zajazd-pod-klobukiem-w-maldytach\">Zajazd pod K\u0142obukiem w Ma\u0142dytach<\/h3>\n\n\n\n<p>Obiekt mocno zwi\u0105zany z histori\u0105 Prus Wschodnich i Oberlandu. W XVII w. stanowi\u0142 cz\u0119\u015b\u0107 du\u017cego kompleksu pa\u0142acowo-parkowego, b\u0119d\u0105cego we w\u0142adaniu Augusta II Mocnego. W 1813 r., w czasie kampanii rosyjskiej stacjonowa\u0142 tu Napoleon.<\/p>\n\n\n\n<p>Oko\u0142o 1820 r. budynek dzisiejszego zajazdu (dawna oficyna) zosta\u0142 przebudowany, zyskuj\u0105c form\u0119 neogotyckiego pa\u0142acyku, kt\u00f3r\u0105 zachowa\u0142 do czas\u00f3w obecnych. W latach 1841\u20131845 wynajmowa\u0142 go Georg Jacob Steenke, projektant i budowniczy Kana\u0142u Elbl\u0105skiego. W \u015bcianie przy wej\u015bciu umieszczono zabytkowy reper \u2013 znak geodezyjny. Przypuszcza si\u0119, \u017ce znalaz\u0142 si\u0119 tutaj na polecenie projektanta i s\u0142u\u017cy\u0142 Steenkemu w trakcie prac przy budowie kana\u0142u.<br>G\u0142\u00f3wny budynek pa\u0142acu uleg\u0142 zniszczeniu w czasie II wojny \u015bwiatowej. Opr\u00f3cz oficyny zachowa\u0142a si\u0119 brama wjazdowa oraz pozosta\u0142o\u015bci parku z pomnikowymi drzewami. Na wprost wjazdu ro\u015bnie wspania\u0142y okaz licz\u0105cej ponad 150 lat tui, jednej z najwi\u0119kszych w Polsce, a w skrajnej cz\u0119\u015bci parku kr\u00f3luje ponad czterystuletni d\u0105b K\u0142obuk. Nazwa Zajazd pod K\u0142obukiem zosta\u0142a zaproponowana przez Zbigniewa Nienackiego, autora znanych powie\u015bci dla m\u0142odzie\u017cy o Panu Samochodziku, mieszkaj\u0105cego niegdy\u015b w pobliskim Jerzwa\u0142dzie.<\/p>\n\n\n\n<h3 class=\"wp-block-heading\" id=\"kosciol-pw-matki-boskiej-czestochowskiej-w-wilamowie\">Ko\u015bci\u00f3\u0142 pw. Matki Boskiej Cz\u0119stochowskiej w Wilamowie<\/h3>\n\n\n\n<p>Dawny ko\u015bci\u00f3\u0142 ewangelicki, zbudowany w latach 1754\u20131755. Ufundowa\u0142a go rodzina Wilamowskich, do kt\u00f3rej nale\u017ca\u0142a wie\u015b. W 1842 r. zosta\u0142 gruntownie przebudowany w stylu klasycystycznym.<\/p>\n\n\n\n<h3 class=\"wp-block-heading\" id=\"ostroda\">Ostr\u00f3da<\/h3>\n\n\n\n<p>Ostr\u00f3da to wa\u017cny o\u015brodek turystyczny. Obecnie kojarzona jest przede wszystkim z histori\u0105 zwi\u0105zan\u0105 z Krzy\u017cakami, Kana\u0142em Elbl\u0105skim oraz festiwalem muzyki reggae.<br>Zamek krzy\u017cacki zosta\u0142 zbudowany w XIV w. Warto wspomnie\u0107, \u017ce w 1807 r. przez kilka tygodni stacjonowa\u0142 w nim Napoleon. W\u015br\u00f3d g\u0142\u00f3wnych zabytk\u00f3w miasta s\u0105 tak\u017ce trzy ko\u015bcio\u0142y. Pierwszy z nich to neogotycki ko\u015bci\u00f3\u0142 pw. Niepokalanego Pocz\u0119cia NMP, kt\u00f3ry wzbudza podziw swoj\u0105 architektur\u0105 oraz oknami witra\u017cowymi z postaciami \u015bwi\u0119tych. W bocznej kaplicy znajduje si\u0119 rze\u017aba z XIV w. przedstawiaj\u0105ca Maryj\u0119 z cia\u0142em Chrystusa, oryginalne dzie\u0142o sztuki snycerskiej.<br>Kolejn\u0105 wart\u0105 uwagi \u015bwi\u0105tyni\u0105 jest ewangelicko-metodystyczny ko\u015bci\u00f3\u0142 \u0141aski Bo\u017cej, zbudowany z ceg\u0142y w stylu neogotyckim w 1907 r. Elementem wyr\u00f3\u017cniaj\u0105cym budowl\u0119 jest masywna wie\u017ca, zwie\u0144czona podw\u00f3jnym he\u0142mem. Na wie\u017cy ko\u015bcio\u0142a znajduje si\u0119 punkt widokowy, z kt\u00f3rego mo\u017cna zobaczy\u0107 pi\u0119kn\u0105 panoram\u0119 Ostr\u00f3dy. Trzecia z zabytkowych \u015bwi\u0105ty\u0144, ko\u015bci\u00f3\u0142 pw. \u015bw. Dominika Savio, zosta\u0142a wzniesiona w XIV w. Jedynymi zachowanymi elementami wyposa\u017cenia z tego okresu s\u0105 kamienne chrzcielnice. Zwiedzaj\u0105c ko\u015bci\u00f3\u0142, warto zwr\u00f3ci\u0107 uwag\u0119 na gotycki portal drzwi wej\u015bciowych.<br>Nad brzegiem Jeziora Drw\u0119ckiego, nieopodal pla\u017cy miejskiej, stoi Wie\u017ca Bismarcka. Zosta\u0142a wybudowana w 1902 r. z ciosanych kamieni narzutowych jako pierwsza tego typu budowla w Prusach Wschodnich. Przy ulicach Grunwaldzkiej i Demokracji znajduje si\u0119 zesp\u00f3\u0142 koszarowy, tzw. Czerwone Koszary, wzniesiony w latach 1890\u20131898. Podczas budowy obiektu zlikwidowano \u015bredniowieczny kopiec graniczny, tzw. \u015alimacz\u0105 G\u00f3r\u0119. Drugi zesp\u00f3\u0142 koszarowy, tzw. Bia\u0142e Koszary, zosta\u0142 oddany do u\u017cytku w 1913 r. Obecnie w dawnych koszarach organizowany jest Ostr\u00f3da Reggae Festival, najwi\u0119ksza tego typu impreza w Europie Wschodniej, na kt\u00f3r\u0105 co roku zje\u017cd\u017caj\u0105 fani z kraju i zagranicy.<br>Warto tak\u017ce zwr\u00f3ci\u0107 uwag\u0119 na kamie\u0144 plebiscytowy, upami\u0119tniaj\u0105cy plebiscyt dotycz\u0105cy przynale\u017cno\u015bci Prus Wschodnich po I wojnie \u015bwiatowej do Polski lub Niemiec. Na g\u0142azie zosta\u0142a wyryta data plebiscytu \u2013 11 lipca 1920 r. Kamie\u0144 zachowa\u0142 si\u0119 od tamtych czas\u00f3w. Obecnie kamie\u0144 plebiscytowy jest wyeksponowany w odnowionym parku Collisa w Ostr\u00f3dzie, przy ulicy 3 Maja. W latach 20. XX w. w wielu miejscowo\u015bciach fundowano pomniki upami\u0119tniaj\u0105ce niemieckie zwyci\u0119stwo. Po II wojnie \u015bwiatowej monumenty te niszczono, skazuj\u0105c na zapomnienie miejsca, w kt\u00f3rych si\u0119 znajdowa\u0142y. Przez wiele lat uwa\u017cano, \u017ce pomnik plebiscytowy w Ostr\u00f3dzie r\u00f3wnie\u017c zosta\u0142 zniszczony. Odnaleziono go w 1999 r. Przez Ostr\u00f3d\u0119 przep\u0142ywa jedna z najczystszych polskich rzek \u2013 Drw\u0119ca. Ca\u0142a jej dolina znalaz\u0142a si\u0119 w granicach rezerwatu przyrody Rzeka Drw\u0119ca.<\/p>\n\n\n\n<h3 class=\"wp-block-heading\" id=\"zachodniomazurska-lokalna-organizacja-turystyczna\">Zachodniomazurska Lokalna Organizacja Turystyczna<\/h3>\n\n\n\n<p>Zachodniomazurska Lokalna Organizacja Turystyczna, pl. 1000-lecia Pa\u0144stwa Polskiego 1a, 14-100 Ostr\u00f3da, tel. 501 220 085, biuro@mazury-zachodnie.pl, www.mazury-zachodnie.pl<\/p>\n","protected":false},"excerpt":{"rendered":"<p>\u015alad trasy w pliku GPX Elbl\u0105g (0,0 km) \u2022 Gronowo G\u00f3rne (1,3 km) \u2022 Nowina (3,5 km) \u2022 Jan\u00f3w (5,8 km) \u2022 Komorowo \u017bu\u0142awskie (7,3 km) \u2022 W\u0119zina (11,3 km) \u2022 Karczowizna (19,1 km) \u2022 Jelonki (21,9 km) \u2022 pochylnia Jelenie (23,1 km) \u2022 pochylnia Ole\u015bnica (25,4 km) \u2022 pochylnia K\u0105ty (28,2 km) \u2022 K\u0105ty [&hellip;]<\/p>\n","protected":false},"author":6,"featured_media":0,"menu_order":0,"template":"","meta":{"inline_featured_image":false,"footnotes":""},"kategorie_obszar":[28],"class_list":["post-2084","szlaki","type-szlaki","status-publish","hentry","kategorie_obszar-kraina-kanalu-elblaskiego-i-okolice"],"_links":{"self":[{"href":"https:\/\/mazury.travel\/rowery\/wp-json\/wp\/v2\/szlaki\/2084","targetHints":{"allow":["GET"]}}],"collection":[{"href":"https:\/\/mazury.travel\/rowery\/wp-json\/wp\/v2\/szlaki"}],"about":[{"href":"https:\/\/mazury.travel\/rowery\/wp-json\/wp\/v2\/types\/szlaki"}],"author":[{"embeddable":true,"href":"https:\/\/mazury.travel\/rowery\/wp-json\/wp\/v2\/users\/6"}],"version-history":[{"count":20,"href":"https:\/\/mazury.travel\/rowery\/wp-json\/wp\/v2\/szlaki\/2084\/revisions"}],"predecessor-version":[{"id":5560,"href":"https:\/\/mazury.travel\/rowery\/wp-json\/wp\/v2\/szlaki\/2084\/revisions\/5560"}],"wp:attachment":[{"href":"https:\/\/mazury.travel\/rowery\/wp-json\/wp\/v2\/media?parent=2084"}],"wp:term":[{"taxonomy":"kategorie_obszar","embeddable":true,"href":"https:\/\/mazury.travel\/rowery\/wp-json\/wp\/v2\/kategorie_obszar?post=2084"}],"curies":[{"name":"wp","href":"https:\/\/api.w.org\/{rel}","templated":true}]}}